{"id":1474,"date":"2014-02-19T17:48:56","date_gmt":"2014-02-19T15:48:56","guid":{"rendered":"http:\/\/www.reisetrottel.de\/?page_id=1474"},"modified":"2014-06-21T04:52:59","modified_gmt":"2014-06-21T02:52:59","slug":"wm-2014","status":"publish","type":"page","link":"https:\/\/www.reisetrottel.de\/?page_id=1474","title":{"rendered":"WM 2014"},"content":{"rendered":"<h2><a href=\"https:\/\/www.reisetrottel.de\/wp-content\/uploads\/2014\/02\/Rio_1.jpg\"><img loading=\"lazy\" decoding=\"async\" class=\"aligncenter  wp-image-1553\" src=\"https:\/\/www.reisetrottel.de\/wp-content\/uploads\/2014\/02\/Rio_1.jpg\" alt=\"Rio_1\" width=\"500\" height=\"150\" srcset=\"https:\/\/www.reisetrottel.de\/wp-content\/uploads\/2014\/02\/Rio_1.jpg 915w, https:\/\/www.reisetrottel.de\/wp-content\/uploads\/2014\/02\/Rio_1-300x89.jpg 300w\" sizes=\"auto, (max-width: 500px) 100vw, 500px\" \/><\/a><\/h2>\n<h2><\/h2>\n<p style=\"text-align: center;\"><code>Ansto\u00df Finale in Rio de Janeiro: <\/code><abbr title = \"Sonntag, 13. Juli 2014, 0:00 140520240012So., 13 Juli 2014 00:00:00 +0200\" id = 'x8511df8f4c41787011252627811f41aa' class = 'fergcorp_countdownTimer_event_time'>vor <span class=\"fergcorp_countdownTimer_year fergcorp_countdownTimer_timeUnit\">11 Jahre,<\/span> <span class=\"fergcorp_countdownTimer_month fergcorp_countdownTimer_timeUnit\">9 Monaten,<\/span> <span class=\"fergcorp_countdownTimer_day fergcorp_countdownTimer_timeUnit\">16 Tage<\/span><\/abbr><\/p>\n<h2><\/h2>\n<p>&nbsp;<\/p>\n<h2>1. Karibische N\u00e4chte<\/h2>\n<p>13.05.2014 Abflug Tegel \u00fcber FRA nach Curacao<\/p>\n<p>13.05. &#8211; 17.05. Curacao <a title=\"Hotel Santa Barbara\" href=\"http:\/\/www.santabarbararesortcuracao.com\/\" target=\"_blank\">Hotel Santa Barbara<\/a> \/ <a title=\"Old Quarry Golfplatz\" href=\"http:\/\/www.oldquarrygolfcuracao.com\/\" target=\"_blank\">Old Quarry Golfplatz<\/a><\/p>\n<p>17.05. &#8211; 22.05. Bonaire <a title=\"Tropical Inn\" href=\"http:\/\/www.tropicalinnbonaire.com\/lang-en\/index.php\" target=\"_blank\">Hotel Tropical Inn<\/a> \/ <a title=\"Tropical Diver\" href=\"http:\/\/www.tropical-divers.com\/\" target=\"_blank\">Tropical Diver<\/a><\/p>\n<p><a href=\"https:\/\/www.reisetrottel.de\/wp-content\/uploads\/2014\/02\/LK_SA_33.jpg\"><img loading=\"lazy\" decoding=\"async\" class=\"aligncenter size-full wp-image-1654\" src=\"https:\/\/www.reisetrottel.de\/wp-content\/uploads\/2014\/02\/LK_SA_33.jpg\" alt=\"LK_SA_33\" width=\"500\" height=\"393\" srcset=\"https:\/\/www.reisetrottel.de\/wp-content\/uploads\/2014\/02\/LK_SA_33.jpg 500w, https:\/\/www.reisetrottel.de\/wp-content\/uploads\/2014\/02\/LK_SA_33-300x235.jpg 300w\" sizes=\"auto, (max-width: 500px) 100vw, 500px\" \/><\/a><\/p>\n<h2>2. Wasserf\u00e4lle im Dreil\u00e4ndereck<\/h2>\n<p>23.05. &#8211; 26.05. Iguazu <a href=\"http:\/\/www.hoteldascataratas.com\/web\/ogua\/deutsch-hotel-das-cataratas.jsp\" target=\"_blank\">Hotel Das Cataratas<\/a><\/p>\n<p>26.05.2014 Flug IGU \/ CGR &#8211; <a href=\"http:\/\/www.bahamasaparthotel.com.br\/?lang=en\" target=\"_blank\">Bahamas Apart Hotel<\/a><\/p>\n<p style=\"text-align: center;\"><a href=\"https:\/\/www.reisetrottel.de\/wp-content\/uploads\/2014\/02\/cataratas.jpg\"><img loading=\"lazy\" decoding=\"async\" class=\"aligncenter  wp-image-3174\" src=\"https:\/\/www.reisetrottel.de\/wp-content\/uploads\/2014\/02\/cataratas.jpg\" alt=\"cataratas\" width=\"500\" height=\"238\" srcset=\"https:\/\/www.reisetrottel.de\/wp-content\/uploads\/2014\/02\/cataratas.jpg 524w, https:\/\/www.reisetrottel.de\/wp-content\/uploads\/2014\/02\/cataratas-300x143.jpg 300w\" sizes=\"auto, (max-width: 500px) 100vw, 500px\" \/><\/a><\/p>\n<h2>3. Im pantanalesischen Sumpfgebiet<\/h2>\n<p>27.05. &#8211; 31.05. Campo Grande <a title=\"Refugio da Ilha\" href=\"http:\/\/refugiodailha.com.br\/novo\/en\/site\" target=\"_blank\">Hotel Refugio da Ilha<\/a><\/p>\n<p>31.05.2014 Flug CGR \/ GIG &#8211; \u00dcbernachtung Rio<\/p>\n<h2>4. Auf den Spuren europ\u00e4ischer Piraten<\/h2>\n<p>01.06. &#8211; 06.06. Ilha Grande <a title=\"Sagu Mini Resort\" href=\"http:\/\/www.saguresort.com\/\" target=\"_blank\">Hotel Sagu Mini Resort<\/a><\/p>\n<p>06.06. &#8211; 09.06. Parati <a title=\"Pontal Gardens\" href=\"http:\/\/www.booking.com\/hotel\/br\/pousada-pontal-gardens.de.html\" target=\"_blank\">Pousada Pontal Gardens<\/a><\/p>\n<h2>5. Affenjagd im Urwald-Baumhaus<\/h2>\n<p>09.06. &#8211; 10.06. Manaus <a title=\"Park Suites\" href=\"http:\/\/www.booking.com\/hotel\/br\/park-suites-manaus.de.html?aid=354415;label=park-suites-manaus-uXdNTknN8_W_uEqVFitM2QS16522964949%3Apl%3Ata%3Ap1%3Ap2%3Aac%3Aap1t1%3Aneg;sid=16091e6a1fad401f826b28a89ea6fbe1;dcid=1;srfid=a4db8c413e0d93c8e28f2bdbc8111df094782145X1;hide_back_to_sr=1\" target=\"_blank\">Hotel Park Suites<\/a><\/p>\n<p>10.06. &#8211;\u00a0 14.06. Urwald <a title=\"Juma Lodge\" href=\"http:\/\/www.jumalodge.com\/\" target=\"_blank\">Juma Lodge<\/a><\/p>\n<p>14.06. Manaus England &#8211; Italien<\/p>\n<p><a href=\"https:\/\/www.reisetrottel.de\/wp-content\/uploads\/2014\/02\/Rio.jpg\"><img loading=\"lazy\" decoding=\"async\" class=\"aligncenter size-full wp-image-1555\" src=\"https:\/\/www.reisetrottel.de\/wp-content\/uploads\/2014\/02\/Rio.jpg\" alt=\"Rio\" width=\"500\" height=\"281\" srcset=\"https:\/\/www.reisetrottel.de\/wp-content\/uploads\/2014\/02\/Rio.jpg 500w, https:\/\/www.reisetrottel.de\/wp-content\/uploads\/2014\/02\/Rio-300x168.jpg 300w\" sizes=\"auto, (max-width: 500px) 100vw, 500px\" \/><\/a><\/p>\n<p>&nbsp;<\/p>\n<h2>6. Vorrunde &#8211; alles planbar<\/h2>\n<p>15. &#8211; 17.06. Salvadore de Bahia &#8211; <a href=\"http:\/\/www.booking.com\/hotel\/br\/salvador-business.de.html?aid=354415;label=salvador-business-L0RRcYq0yJWIkCkziA0bnAS16523448909%3Apl%3Ata%3Ap1%3Ap2%3Aac%3Aap1t1%3Aneg;sid=0f9ff902d5c910357430efb2ead9bd91;dcid=1;ucfs=1;srfid=8bcaecc31c0adfbe940e5e1d149bbee80975c751X1\" target=\"_blank\">Hotel Salvadore Business<\/a><\/p>\n<p>16.06. Salvador de Bahia &#8211; <strong><span style=\"color: #993300;\">Deutschlang &#8211; Portugal<\/span><\/strong> (Ansto\u00df: 13h)<\/p>\n<p>17. &#8211; 21.06. Aquiraz &#8211; <a href=\"http:\/\/www.dompedro.com\/DomPedro\/OurHotels\/BRASIL,AQUIRAZRIVIERA,FORTALEZADomPedroLaguna.aspx\" target=\"_blank\">Hotel Dom Pedro Laguna<\/a><\/p>\n<p>21.06. Fortaleza <a href=\"http:\/\/www.luzeirosfortaleza.com.br\/en\/index.php\" target=\"_blank\">Hotel Luceiros<\/a><\/p>\n<p>21.06. Fortaleza &#8211; <strong><span style=\"color: #993300;\">Deutschlang Ghana<\/span><\/strong> (Ansto\u00df: 16h)<\/p>\n<p>22. &#8211; 25.06 Insel Fernando de Noronha &#8211; <a href=\"http:\/\/www.pousadadovale.com\/\" target=\"_blank\">Hotel Pousada do Valle<\/a><\/p>\n<p style=\"text-align: center;\"><a href=\"https:\/\/www.reisetrottel.de\/wp-content\/uploads\/2014\/02\/fernando1.jpg\"><img loading=\"lazy\" decoding=\"async\" class=\"aligncenter  wp-image-1642\" src=\"https:\/\/www.reisetrottel.de\/wp-content\/uploads\/2014\/02\/fernando1.jpg\" alt=\"fernando\" width=\"500\" height=\"264\" srcset=\"https:\/\/www.reisetrottel.de\/wp-content\/uploads\/2014\/02\/fernando1.jpg 800w, https:\/\/www.reisetrottel.de\/wp-content\/uploads\/2014\/02\/fernando1-300x158.jpg 300w\" sizes=\"auto, (max-width: 500px) 100vw, 500px\" \/><\/a><\/p>\n<p>25. &#8211; 27.06. Recife &#8211; <a href=\"http:\/\/www.fatorhotel.com.br\" target=\"_blank\">Hotel Fator Palace<\/a><\/p>\n<p>26.06. Recife <strong><span style=\"color: #993300;\">Deutschland &#8211; USA<\/span><\/strong> (Ansto\u00df: 13h)<\/p>\n<h2>7. Zwischenrundendabeiseier<\/h2>\n<p>27.06. &#8211; 07.07. Basiscamp auf der Halbinsel Buzios &#8211; <a href=\"http:\/\/tramontodibuzios.com.br\/\" target=\"_blank\">Hotel Tramonto<\/a><\/p>\n<p>vorraussichtlich &#8211; Deutschland Gruppensieger<\/p>\n<p>30.06. Porto Alegre &#8211; <span style=\"color: #ff6600;\"><strong>Achtelfina<\/strong><strong>le <\/strong><span style=\"color: #000000;\">(A<\/span><span style=\"color: #000000;\">nsto\u00df: 17h)<\/span><\/span><\/p>\n<p>04.07. Rio de Jainero &#8211; <strong><span style=\"color: #ff6600;\">Viertelfinale<\/span><\/strong> (Ansto\u00df:17h)<\/p>\n<p><a href=\"https:\/\/www.reisetrottel.de\/wp-content\/uploads\/2014\/02\/buzios_a.jpg\"><img loading=\"lazy\" decoding=\"async\" class=\"aligncenter size-full wp-image-1645\" src=\"https:\/\/www.reisetrottel.de\/wp-content\/uploads\/2014\/02\/buzios_a.jpg\" alt=\"buzios_a\" width=\"500\" height=\"295\" srcset=\"https:\/\/www.reisetrottel.de\/wp-content\/uploads\/2014\/02\/buzios_a.jpg 500w, https:\/\/www.reisetrottel.de\/wp-content\/uploads\/2014\/02\/buzios_a-300x177.jpg 300w\" sizes=\"auto, (max-width: 500px) 100vw, 500px\" \/><\/a><\/p>\n<h2>8. Gro\u00dfstadttrubel &amp; Finalrunde<\/h2>\n<p>07. &#8211; 09.07. Belo Horizonte &#8211; Hotel Sao Bento &amp; Hotel Hora<\/p>\n<p>08.07. Belo Horizonte &#8211;<strong><span style=\"color: #ff6600;\"> 1. Halbfinale<\/span><\/strong> (Ansto\u00df: 17h)<\/p>\n<p>09.07. &#8211; 10.07. Sao Paulo &#8211; Hotel Campobelo<\/p>\n<p>09.07. Sao Paulo &#8211; <strong><span style=\"color: #ff6600;\">2. Halbfinale<\/span><\/strong> (Ansto\u00df: 17h)<\/p>\n<p>10. &#8211; 14.07 Rio &#8211; Abenteuerurlaub in der Pousada Favela Cantagalo<\/p>\n<p><a href=\"https:\/\/www.reisetrottel.de\/wp-content\/uploads\/2014\/02\/cantagalo.jpg\"><img loading=\"lazy\" decoding=\"async\" class=\"aligncenter size-full wp-image-1651\" src=\"https:\/\/www.reisetrottel.de\/wp-content\/uploads\/2014\/02\/cantagalo.jpg\" alt=\"cantagalo\" width=\"500\" height=\"252\" srcset=\"https:\/\/www.reisetrottel.de\/wp-content\/uploads\/2014\/02\/cantagalo.jpg 500w, https:\/\/www.reisetrottel.de\/wp-content\/uploads\/2014\/02\/cantagalo-300x151.jpg 300w\" sizes=\"auto, (max-width: 500px) 100vw, 500px\" \/><\/a><\/p>\n<p>13.07. Rio de Janeiro &#8211; <strong><span style=\"color: #ff6600;\">Endspiel<\/span><\/strong> (Ansto\u00df: 16h)<\/p>\n<p>14.07 &#8211; 15.07. Recife Monte Hotel (R\u00fcckflug nach FRA am 15.07. um 19:20h)<\/p>\n<h2>9. Absacker &amp; Augenzudreher<\/h2>\n<p>19.07. &#8211; 06.08. <a href=\"http:\/\/www.aldiana.de\/clubanlagen\/zypern.html\" target=\"_blank\">Aldiana Zypern<\/a><\/p>\n","protected":false},"excerpt":{"rendered":"<p>Ansto\u00df Finale in Rio de Janeiro: &nbsp; 1. Karibische N\u00e4chte 13.05.2014 Abflug Tegel \u00fcber FRA nach Curacao 13.05. &#8211; 17.05. Curacao Hotel Santa Barbara \/ Old Quarry Golfplatz 17.05. &#8211; 22.05. Bonaire Hotel Tropical Inn \/ Tropical Diver 2. Wasserf\u00e4lle im Dreil\u00e4ndereck 23.05. &#8211; 26.05. Iguazu Hotel Das Cataratas 26.05.2014 Flug IGU \/ CGR &#8211; <span class=\"ellipsis\">&hellip;<\/span> <span class=\"more-link-wrap\"><a href=\"https:\/\/www.reisetrottel.de\/?page_id=1474\" class=\"more-link\"><span>Read More &rarr;<\/span><\/a><\/span><\/p>\n","protected":false},"author":2,"featured_media":0,"parent":0,"menu_order":0,"comment_status":"closed","ping_status":"closed","template":"","meta":{"ngg_post_thumbnail":0,"footnotes":""},"class_list":["post-1474","page","type-page","status-publish","hentry"],"_links":{"self":[{"href":"https:\/\/www.reisetrottel.de\/index.php?rest_route=\/wp\/v2\/pages\/1474","targetHints":{"allow":["GET"]}}],"collection":[{"href":"https:\/\/www.reisetrottel.de\/index.php?rest_route=\/wp\/v2\/pages"}],"about":[{"href":"https:\/\/www.reisetrottel.de\/index.php?rest_route=\/wp\/v2\/types\/page"}],"author":[{"embeddable":true,"href":"https:\/\/www.reisetrottel.de\/index.php?rest_route=\/wp\/v2\/users\/2"}],"replies":[{"embeddable":true,"href":"https:\/\/www.reisetrottel.de\/index.php?rest_route=%2Fwp%2Fv2%2Fcomments&post=1474"}],"version-history":[{"count":44,"href":"https:\/\/www.reisetrottel.de\/index.php?rest_route=\/wp\/v2\/pages\/1474\/revisions"}],"predecessor-version":[{"id":4763,"href":"https:\/\/www.reisetrottel.de\/index.php?rest_route=\/wp\/v2\/pages\/1474\/revisions\/4763"}],"wp:attachment":[{"href":"https:\/\/www.reisetrottel.de\/index.php?rest_route=%2Fwp%2Fv2%2Fmedia&parent=1474"}],"curies":[{"name":"wp","href":"https:\/\/api.w.org\/{rel}","templated":true}]}}